{"id":75,"date":"2022-04-13T09:27:53","date_gmt":"2022-04-13T07:27:53","guid":{"rendered":"http:\/\/dominikalecka.pl\/?page_id=75"},"modified":"2026-01-16T11:45:38","modified_gmt":"2026-01-16T10:45:38","slug":"dzialalnosc-zawodowa","status":"publish","type":"page","link":"https:\/\/dominikalecka.pl\/?page_id=75","title":{"rendered":"Praca zawodowa"},"content":{"rendered":"\r\n<p><a href=\"https:\/\/wtts.edu.pl\/post\/18\">Certyfikowany psychoterapeuta i doradca systemowy WTTS Pozna\u0144<\/a> (certyfikat nr 47\/2012) <a href=\"https:\/\/www.iseft.org\/Sys\/PublicProfile\/62738922\/6696434\">certyfikowany psychoterapeuta terapii skoncentrowanej na emocjach (EFT)<\/a> zgodnie ze standardami International Society of Emotion Focused Therapy, doktor nauk humanistycznych w zakresie socjologii zdrowia, promotor zdrowia, polsko-w\u0142oskiego pochodzenia. Autorka program\u00f3w profilaktycznych. Kierownik w <a href=\"http:\/\/www.motylarnia.edu.pl\">O\u015brodku Rozwoju Osobistego i Zawodowego dla Kobiet\u00a0 \u201eMotylarnia\u201d<\/a> w Toruniu. Cz\u0142onek International Society of Emotion Focused Therapy oraz Wielkopolskiego Towarzystwa Terapii Systemowej w Poznaniu. Pracuj\u0105ca g\u0142\u00f3wnie w zakresie traumy, psychosomatyki, zaburze\u0144 depresyjnych i l\u0119kowych. Autorka koncepcji narracyjnych genogram\u00f3w, w tym Genogramu: Bliskich i Dalekich, Mentalnych Rodzic\u00f3w, Nikogo i Wszystkich, Czarnych Owiec, Mocy, Ukrytych Zdolno\u015bci i Rodziny z Wyboru. Naukowo zajmuj\u0105ca si\u0119 diagnoz\u0105 prze\u017cycia, narracj\u0105 o sytuacji problemowej, koncepcj\u0105 mentalnych rodzic\u00f3w. Prywatnie kochaj\u0105ca Ba\u0142kany, pola s\u0142onecznik\u00f3w w komitacie Zala wzd\u0142u\u017c 86-os f\u0151\u00fat na W\u0119grzech oraz pola lawendy na wyspie Hvar.<\/p>\r\n<p>\r\n\r\n<\/p>\r\n\r\n\r\n\r\n\r\n\r\n<p><strong><img loading=\"lazy\" decoding=\"async\" class=\"alignnone size-full wp-image-366\" src=\"https:\/\/dominikalecka.pl\/wp-content\/uploads\/2025\/02\/punkt.jpg\" alt=\"\" width=\"23\" height=\"22\" \/> WYKSZTA\u0141CENIE<\/strong><\/p>\r\n\r\n\r\n\r\n<figure class=\"wp-block-table\">\r\n<table>\r\n<tbody>\r\n<tr>\r\n<td>2017-2021<\/td>\r\n<td>\r\n<p style=\"text-align: left;\">Certificate of Emotion-Focused Therapist <a href=\"https:\/\/www.iseft.org\/Sys\/PublicProfile\/62738922\/6696434\">ISEFT,\u00a0<\/a> Intra Warszawa &#8211; <a href=\"https:\/\/www.iseft.org\/Sys\/PublicProfile\/62738922\/6696434\">ZOBACZ<\/a><\/p>\r\n<\/td>\r\n<\/tr>\r\n<tr>\r\n<td>2004-2012<\/td>\r\n<td>\r\n<p style=\"text-align: left;\">Certyfikat Psychoterapeuty i Doradcy Systemowego (047\/2012) w Wielkopolskim Towarzystwie Terapii Systemowej w Poznaniu &#8211; <a href=\"https:\/\/wtts.edu.pl\/post\/18\">ZOBACZ<\/a><\/p>\r\n<\/td>\r\n<\/tr>\r\n<tr>\r\n<td>2007-2011r.<\/td>\r\n<td>\r\n<p style=\"text-align: left;\">Studia doktoranckie w zakresie <strong>socjologii<\/strong> \u2013 Instytut Socjologii Uniwersytetu Miko\u0142aja Kopernika w Toruniu, promotor: prof. dr hab. Ryszard Borowicz, <strong>uzyskany stopie\u0144 doktora nauk humanistycznych<\/strong> <strong>w zakresie socjologii<\/strong> <strong>(specjalno\u015b\u0107 socjologia zdrowia<\/strong>) na podstawie rozprawy pt. <em>Miejsce w strukturze spo\u0142ecznej a reakcja fizjologiczna uk\u0142adu wsp\u00f3\u0142czulnego. Rewizja modelu biopsychospo\u0142ecznego z uwzgl\u0119dnieniem socjum i optyki socjosomatycznej <\/em>(2012) &#8211; <a href=\"https:\/\/ludzie.nauka.gov.pl\/ln\/profiles\/67FGxzVsWPa\">profil na Ludzie Nauki<\/a><\/p>\r\n<\/td>\r\n<\/tr>\r\n<tr>\r\n<td>2003-2007<\/td>\r\n<td>\r\n<p style=\"text-align: left;\">Uniwersytet Miko\u0142aja Kopernika w Toruniu, Wydzia\u0142 Humanistyczny, kierunek: <strong>socjologia<\/strong>, 5-letnia, dzienna, Specjalizacja: socjologia og\u00f3lna. Praca magisterska napisana pod kierunkiem prof. dr hab. Ryszarda Borowicza \u2013 <em>\u201ePostawa 3X \u2013 za\u0142o\u017cenia a rzeczywisto\u015b\u0107\u201d<\/em> \u2013 dotycz\u0105ca zachowa\u0144 abstynenckich w\u015br\u00f3d m\u0142odzie\u017cy na podstawie ruchu Straight Edge<\/p>\r\n<\/td>\r\n<\/tr>\r\n<tr>\r\n<td>2001-2006<\/td>\r\n<td>\r\n<p style=\"text-align: left;\">Uniwersytet Miko\u0142aja Kopernika w Toruniu, Wydzia\u0142 Humanistyczny, kierunek: <strong>pedagogika, <\/strong>5-letnia, dzienna (<strong>promocja zdrowia i\u00a0 wiedzy ekologicznej<\/strong>; metody komputerowe w edukacji). Praca magisterska napisana pod kierunkiem prof. Andrzeja Wojciechowskiego <em>\u201eNarracyjny model analizy spostrzegania jako alternatywa wobec modelu przyczynowo-skutkowego. Na przyk\u0142adzie obrazu uzale\u017cnionego od narkotyk\u00f3w dziecka w percepcji jego rodze\u0144stwa\u201d<\/em> \u2013 dotycz\u0105ca problematyki rodze\u0144stwa dzieci uzale\u017cnionych<\/p>\r\n<\/td>\r\n<\/tr>\r\n<tr>\r\n<td>1997-2001<\/td>\r\n<td>\r\n<p style=\"text-align: left;\">V Liceum Og\u00f3lnokszta\u0142c\u0105ce w Toruniu, profil: og\u00f3lny z rozszerzonym j\u0119zykiem angielskim, drugi j\u0119zyk niemiecki<\/p>\r\n<\/td>\r\n<\/tr>\r\n<\/tbody>\r\n<\/table>\r\n<\/figure>\r\n\r\n\r\n\r\n<p><strong><img loading=\"lazy\" decoding=\"async\" class=\"alignnone size-full wp-image-366\" src=\"https:\/\/dominikalecka.pl\/wp-content\/uploads\/2025\/02\/punkt.jpg\" alt=\"\" width=\"23\" height=\"22\" \/> SZKOLENIA I INNE FORMY DOKSZTA\u0141CANIA<\/strong><\/p>\r\n\r\n\r\n\r\n<figure class=\"wp-block-table\">\r\n<table>\r\n<tbody>\r\n<tr>\r\n<td>2025<\/td>\r\n<td>\r\n<p style=\"text-align: left;\">Five ways to work with emotions in psychotherapy, dr Antonio Pascual-Leone (EFT)<\/p>\r\n<p style=\"text-align: left;\">Blocking &amp; Unblocking Emotion, Prowadzenie: dr Leslie Greenberg (EFT)<\/p>\r\n<p style=\"text-align: left;\">Narracje-relacje. O mo\u017cliwo\u015bci reautoryzacji opowie\u015bci przywi\u0105zaniowych, Prowadzenie: Maria Kasprowicz (WTTS), dr Szymon Chrz\u0105stowski (PTP)<\/p>\r\n<p style=\"text-align: left;\">Nie-Zmiana. Co robi\u0107, gdy si\u0119 nic nie zmienia, Prowadzenie Andreas Wahlster (IGST, SG Niemcy)<\/p>\r\n<\/td>\r\n<\/tr>\r\n<tr>\r\n<td>2024-2025<\/td>\r\n<td>\r\n<p style=\"text-align: left;\">Systemowa terapia par, Prowadzenie: Ingrid Vo\u00dfler (SG, Kasseler Institut f\u00fcr Systemische Therapie und Beratung e.V.)<\/p>\r\n<\/td>\r\n<\/tr>\r\n<tr>\r\n<td>2024<\/td>\r\n<td>\r\n<p style=\"text-align: left;\">Zamykaj\u0105c rozdzia\u0142, czyli refleksje nad procesem ko\u0144czenia terapii. Perspektywa psychoterapeuty, Prowadzenie: Robert Adamczyk (WTTS, PTPI)<\/p>\r\n<\/td>\r\n<\/tr>\r\n<tr>\r\n<td>2023<\/td>\r\n<td>\r\n<p style=\"text-align: left;\">Organizacja plac\u00f3wek medycznych i wskazania do farmakoterapii, Prowadzenie: dr med. Dorota \u0141ojko (WTTS Pozna\u0144, AM Pozna\u0144)<\/p>\r\n<\/td>\r\n<\/tr>\r\n<tr>\r\n<td>2020<\/td>\r\n<td>\r\n<p style=\"text-align: left;\">Trauma Skills Summit, 17-26.08.2020 <br \/>* From Activation to Regulation: A Polyvagal Guided Approach, Prowadzenie: Deb Dana (Traumatic Stress Research Consortium in the Kinsey Institute)<br \/><br \/>* The Wheel of Awareness: A Trauma Recovery Tool for Well-Being, Prowadzenie: Daniel J. Siegel, MD (Mindsight Institute, UCLA Mindful Awareness Research Center)<br \/><br \/>* Relationship Trauma, Prowadzenie: Rob Fisher, MFT (California Institute of Integral Studies)<br \/><br \/>* Resilience Strategies for Trauma Recovery: A Strength-Based Approach to Healing, Prowadzenie: Arielle Schwartz, PhD (Fielding Graduate University)<br \/><br \/>* Internal Family Systems Therapy with Trauma Survivors, Prowadzenie: Richard Schwartz, PhD (Department of Psychiatry at Harvard Medical School)<br \/><br \/>* Parenting after Trauma, Prowadzenie: Susan Stiffelman, MFT<br \/><br \/>* Breaking the Cycle of Inherited Family Trauma, Prowadzenie: Mark Wolynn (Family Constellation Institute)<br \/><br \/>* Psychopatologia i diagnoza nozologiczna, Prowadzenie: dr med. Dorota \u0141ojko (WTTS Pozna\u0144, AM Pozna\u0144) * Dylematy etyczne w psychoterapii, Prowadzenie: Marcelina Ptak (WTTS Pozna\u0144)<\/p>\r\n<\/td>\r\n<\/tr>\r\n<tr>\r\n<td>2018<\/td>\r\n<td>\r\n<p style=\"text-align: left;\">Emotion-Focused Therapy Level IIB, Prowadzenie: Kurt Renders (EFT, ISEFT), Intra Warszawa <br \/>Emotion-Focused Therapy Level IIA, Prowadzenie: Kurt Renders(EFT, ISEFT), Intra Warszawa <br \/>Emotion-Focused Therapy Level I, Prowadzenie: Kurt Renders (EFT, ISEFT), Intra Warszawa<\/p>\r\n<\/td>\r\n<\/tr>\r\n<tr>\r\n<td><em>2015<\/em><\/td>\r\n<td>\r\n<p style=\"text-align: left;\">Your Body in the World: Adopting to Your Next Big Adventure, Prowadzenie: Anne L. Friedlander, PhD, Consulting Professor, Program in Human Biology, Stanford University, Stanford Online (84 %)<\/p>\r\n<\/td>\r\n<\/tr>\r\n<tr>\r\n<td><em>2014<\/em><\/td>\r\n<td>\r\n<p style=\"text-align: left;\">Writing in the Sciences, Prowadzenie: Kristin L. Sainani, PhD, Associate Professor in Health Research and Policy Stanford University, Stanford Online (73 %)<\/p>\r\n<\/td>\r\n<\/tr>\r\n<tr>\r\n<td>2009<\/td>\r\n<td>\r\n<p style=\"text-align: left;\">Systemowe ustawienia strukturalne, Prowadzenie: prof. Matthias Varga von Kib\u00e9d (Monachium)<\/p>\r\n<\/td>\r\n<\/tr>\r\n<tr>\r\n<td>2008<\/td>\r\n<td>\r\n<p style=\"text-align: left;\">Dzieci i m\u0142odzie\u017c w terapii systemowej, Prowadzenie R\u00fcdiger Retzlaff (Niemcy: SG, AFTA, DGSF, DGVT)<\/p>\r\n<\/td>\r\n<\/tr>\r\n<tr>\r\n<td>2007<\/td>\r\n<td>\r\n<p style=\"text-align: left;\">Diagnostyka systemowa, Prowadzenie Lothar Eder (SGST Niemcy) <br \/><br \/>Terapia l\u0119ku w uj\u0119ciu systemowym, Prowadzenie: Ewa Stankowska (WTTS Pozna\u0144) <br \/><br \/>Obserwator tw\u00f3rc\u0105 rzeczywisto\u015bci. Terapia narratywna: empatia, terapeutyczny splitting, dekonstrukcja opowie\u015bci problemowej, rozmowa eksternalizuj\u0105ca, Prowadzenie: dr Jerzy Jakubowski (SGST Niemcy)<\/p>\r\n<\/td>\r\n<\/tr>\r\n<tr>\r\n<td>2006<\/td>\r\n<td>\r\n<p style=\"text-align: left;\">Konsekwencje my\u015blenia konstruktywistycznego dla praktyki psychoterapeutycznej<em>, <\/em>Prowadzenie: dr Jerzy Jakubowski (SGST Niemcy) <br \/><br \/>Systemowe rozumienie powstawania problemu, Prowadzenie: dr Jerzy Jakubowski (SGST Niemcy) <br \/><br \/>Znaczenie kontekstu skierowania dla procesu terapeutycznego, Prowadzenie: dr Jerzy Jakubowski (SGST Niemcy) <br \/><br \/>Analiza zlece\u0144 \u2013 \u201ekaruzela zlece\u0144\u201d, Prowadzenie: dr Jerzy Jakubowski (SGST Niemcy) <br \/><br \/>Istota pracy nastawionej na rozwi\u0105zanie<em> (wg Steve de Shazera\u2019a)<\/em>, Prowadzenie: dr Jerzy Jakubowski (SGST Niemcy) <br \/><br \/><em>Zastosowanie \u201eobrazu zdrowia\u201d H. Merlego do okre\u015blania celu terapii i drogi do niego<\/em>, Prowadzenie: dr Jerzy Jakubowski (SGST Niemcy) <br \/><br \/><em>Praca terapeutyczna z klientami pozostaj\u0105cymi w zwi\u0105zkach schizmogenetycznych<\/em>, Prowadzenie: dr Jerzy Jakubowski (SGST Niemcy) <br \/><br \/><em>Systemowy coaching dla rodzic\u00f3w dzieci trudnych<\/em>, Prowadzenie: Andreas Wahlster (SGST Niemcy) <br \/><br \/><em>\u201eZ lotu ptaka\u2026\u201d czyli rozmowa terapeuty i klienta o rozmowach terapeutycznych<\/em>, Prowadzenie Katarzyna Zi\u00f3\u0142kowska-Szysz\u0142o (WTTS Pozna\u0144) <br \/><br \/><em>Doradztwo i praca terapeutyczna z rodzinami -warsztaty z wykorzystaniem konkretnych przypadk\u00f3w<\/em>, Prowadzenie: dr Friedhelm Kron-Klees (SGST Niemcy) <br \/><br \/>Wszyscy razem w r\u00f3\u017cnym tempie\u2026zastosowanie idei systemowych w terapii grupowej, Prowadzenie: Marcelina Ptak (WTTS Pozna\u0144) <br \/><br \/><em>Teoria i praktyka terapii systemowej ze szczeg\u00f3lnym uwzgl\u0119dnieniem pracy z dzie\u0107mi i m\u0142odzie\u017c\u0105<\/em>, Prowadzenie: dr Kurt Ludewig (SGST Niemcy) <br \/><br \/><em>Zaburzenia jedzenia-bulimia. Rozumienie, leczenie<\/em>, Prowadzenie: dr n. med. Rafa\u0142 Antkowiak (WTTS Pozna\u0144, Instytut Eriksona) <br \/><br \/><em>\u201eNowe\u201d\u2026czyli praca ze strat\u0105 w uj\u0119ciu terapii systemowej<\/em>, Prowadzenie: Katarzyna Zi\u00f3\u0142kowska-Szysz\u0142o, Maria Kasprowicz<\/p>\r\n<\/td>\r\n<\/tr>\r\n<tr>\r\n<td>2003<\/td>\r\n<td>\r\n<p style=\"text-align: left;\">Budowa spo\u0142ecze\u0144stwa obywatelskiego (tematyka: trzeci sektor, prawa cz\u0142owieka, ustawa o dzia\u0142alno\u015bci po\u017cytku publicznym, pozyskiwanie funduszy), Polska Akcja Humanitarna<\/p>\r\n<\/td>\r\n<\/tr>\r\n<tr>\r\n<td>2002<\/td>\r\n<td>\u00a0\r\n<p style=\"text-align: left;\">\u201eNarkotykom-Nie!&#8221;, Prowadzenie: Agnieszka S\u0142owik, Towarzystwo \u201ePowr\u00f3t z U\u201d w Toruniu <em>M\u0142odzie\u017cowy Program Promocji Bezpiecznych Zachowa\u0144 z Zakresu HIV\/AIDS i Uzale\u017cnie\u0144<\/em>, Prowadzenie: Agnieszka S\u0142owik, Towarzystwo \u201ePowr\u00f3t z U\u201d w Toruniu<\/p>\r\n<\/td>\r\n<\/tr>\r\n<tr>\r\n<td>2001<\/td>\r\n<td>\r\n<p style=\"text-align: left;\">Reprezentacja wojew\u00f3dztwa kujawsko-pomorskiego na VII Sesji Sejmu Dzieci i M\u0142odzie\u017cy, kt\u00f3rego obrady po\u015bwi\u0119cone by\u0142y tematyce <em>\u201eSzko\u0142a przyjaznym i bezpiecznym \u015brodowiskiem\u201d<\/em> \u2013 napisanie pracy kwalifikuj\u0105cej nt. zapobieganiu narkomanii i alkoholizmowi w szkole w \u015brodowisku m\u0142odzie\u017cy <em>Edukacja o HIV i AIDS w \u015brodowisku m\u0142odzie\u017cy, <\/em>Prowadzenie: Agnieszka S\u0142owik, Towarzystwo \u201ePowr\u00f3t z U\u201d<\/p>\r\n<\/td>\r\n<\/tr>\r\n<\/tbody>\r\n<\/table>\r\n<\/figure>\r\n\r\n\r\n\r\n<figure class=\"wp-block-table\">\r\n<table>\r\n<tbody>\r\n<tr>\r\n<td>od 2016<\/td>\r\n<td>\r\n<p style=\"text-align: left;\">Ekspert w wyborze projekt\u00f3w do dofinansowania na lata 2014 \u2013 2020\u00a0 dla Polskiej Agencji Rozwoju Przedsi\u0119biorczo\u015bci w ramach POWER, PO IR, PO PW w zakresie: edukacja ustawiczna, ochrona zdrowia, integracja spo\u0142eczna<\/p>\r\n<\/td>\r\n<\/tr>\r\n<tr>\r\n<td>od 2013<\/td>\r\n<td>\r\n<p style=\"text-align: left;\">Kierownik i psychoterapeuta <strong>\u201e<a href=\"http:\/\/www.motylarnia.edu.pl\">Motylarni\u201d O\u015brodka Rozwoju Osobistego i Zawodowego dla Kobiet<\/a> <\/strong>w Toruniu<\/p>\r\n<\/td>\r\n<\/tr>\r\n<tr>\r\n<td>2010-2019<\/td>\r\n<td>\r\n<p style=\"text-align: left;\">Psychoterapeuta w Punkcie Konsultacyjnym w Z\u0142ejwsi Wielkiej<\/p>\r\n<\/td>\r\n<\/tr>\r\n<tr>\r\n<td>od 2006<\/td>\r\n<td>\r\n<p style=\"text-align: left;\">Kierownik <strong>Pracowni Alternatywa<\/strong> w Toruniu (kierowanie zadaniami programowymi, realizacja zlece\u0144, kontakty z zagranic\u0105). Sta\u0142a wsp\u00f3\u0142praca z instytucjami w zakresie zdrowia i choroby.<\/p>\r\n<\/td>\r\n<\/tr>\r\n<tr>\r\n<td>od 2002-2015<\/td>\r\n<td>\r\n<p style=\"text-align: left;\">TOWARZYSTWO \u201ePOWR\u00d3T Z U\u201d W TORUNIU \u2013 psychoterapeuta systemowy<\/p>\r\n<\/td>\r\n<\/tr>\r\n<\/tbody>\r\n<\/table>\r\n<\/figure>\r\n\r\n\r\n\r\n<p>WI\u0118CEJ INFORMACJI NA TEMAT INSTYTUCJI, Z KT\u00d3RYMI WSP\u00d3\u0141PRACUJ\u0118, ZNAJDUJE SI\u0118 <a href=\"https:\/\/dominikalecka.pl\/?page_id=69\">TUTAJ<\/a><\/p>\r\n\r\n\r\n\r\n<p><strong><img loading=\"lazy\" decoding=\"async\" class=\"alignnone size-full wp-image-366\" src=\"https:\/\/dominikalecka.pl\/wp-content\/uploads\/2025\/02\/punkt.jpg\" alt=\"\" width=\"23\" height=\"22\" \/> DZIA\u0141ALNO\u015a\u0106 Z ZAKRESIE ZDROWIA I PROFILAKTYKI<\/strong><\/p>\r\n\r\n\r\n\r\n<figure class=\"wp-block-table\">\r\n<table>\r\n<tbody>\r\n<tr>\r\n<td>od 2006<\/td>\r\n<td>\r\n<p style=\"text-align: left;\">Autor\/ wsp\u00f3\u0142autor program\u00f3w edukacyjnych dla m\u0142odzie\u017cy o charakterze profilaktycznym, rozwojowym i kompensacyjnych (tak\u017ce ich prowadzenie z m\u0142odzie\u017c\u0105 na terenie wojew\u00f3dztwa kujawsko-pomorskiego) <br \/><br \/>Autor innych form doskonalenia zawodowego dla grup zawodowych pracuj\u0105cych w szeroko rozumianym zdrowiu <br \/><br \/>Autor program\u00f3w profilaktycznych dla m\u0142odzie\u017cy (szkolenie realizator\u00f3w) Autorskie warsztaty dla nauczycieli i pedagog\u00f3w o charakterze profilaktycznym<\/p>\r\n<\/td>\r\n<\/tr>\r\n<tr>\r\n<td>2007<\/td>\r\n<td>\r\n<p style=\"text-align: left;\">Wsp\u00f3\u0142prowadzenie i przygotowanie \u201eSzko\u0142y Dialogu\u201d \u2013 spotkania otwartego dla m\u0142odzie\u017cy, rodzic\u00f3w i nauczycieli organizowanego przez Zesp\u00f3\u0142 Szk\u00f3\u0142 Nr 10 w Toruniu, prowadzenie warsztat\u00f3w: Sekty i subkultury m\u0142odzie\u017cowe<\/p>\r\n<\/td>\r\n<\/tr>\r\n<tr>\r\n<td>2005<\/td>\r\n<td>\r\n<p style=\"text-align: left;\">Wsp\u00f3\u0142prowadzenie autorskiego programu \u201eMoja Przygoda z Map\u0105\u201d dla dzieci i m\u0142odzie\u017cy zagro\u017conych demerolizacj\u0105 pochodz\u0105cych z najbiedniejszych dzielnic Torunia<\/p>\r\n<\/td>\r\n<\/tr>\r\n<tr>\r\n<td>2004<\/td>\r\n<td>\r\n<p style=\"text-align: left;\">Wsparcie merytoryczne i prowadzenie spotkania profilaktycznego o tematyce HIV <em>\u201eB\u0105d\u017a \u015bwiadom\u201d<\/em> organizowanego przez Centrum Informacji M\u0142odzie\u017cy i Klubu O\u015bmiu Wspania\u0142ych <br \/><br \/>Udzia\u0142 i wsp\u00f3\u0142prowadzenie sesji edukacyjnej dotycz\u0105cej zaka\u017cenia HIV i zachorowa\u0144 na AIDS w Szkole Podstawowej w Z\u0142otorii organizowanego przez Ko\u0142o Przyrodnicze \u201eScience is fun<\/p>\r\n<\/td>\r\n<\/tr>\r\n<tr>\r\n<td>2003<\/td>\r\n<td>\r\n<p style=\"text-align: left;\">Realizacja M\u0142odzie\u017cowego Programu Promocji Bezpiecznych Zachowa\u0144 w Zakresie HIV\/AIDS z grup\u0105 Lider\u00f3w M\u0142odzie\u017cowych przy wsp\u00f3\u0142pracy z Wydzia\u0142em Zdrowia i Polityki Spo\u0142ecznej Urz\u0119du Miasta Torunia. <br \/><br \/>Wsp\u00f3\u0142prowadz\u0105ca M\u0142odzie\u017cowy Program Promocji Bezpiecznych Zachowa\u0144 z Zakresu HIV\/AIDS i Uzale\u017cnie\u0144 na obozie szkoleniowym z Grup\u0105 Lider\u00f3w M\u0142odzie\u017cowych Realizacja programu profilaktycznego dla m\u0142odzie\u017cy<em> \u201eEdukacja o HIV i AIDS w \u015brodowisku m\u0142odzie\u017cy<\/em>\u201d w szko\u0142ach, w Toruniu<\/p>\r\n<\/td>\r\n<\/tr>\r\n<tr>\r\n<td>2001-2002<\/td>\r\n<td>\r\n<p style=\"text-align: left;\">Prowadzenie grupy m\u0142odzie\u017cowych lider\u00f3w na terenie V Liceum Og\u00f3lnokszta\u0142c\u0105cego (przygotowanie i realizacja zaj\u0119\u0107 z m\u0142odzie\u017c\u0105 nt. komunikacji, technik uczenia, zarz\u0105dzania czasem) <br \/><br \/>Animator i realizator Kampanii <em>\u201eNarkotyki \u2013 najlepsze wyj\u015bcie nie wchodzi\u0107\u201d<\/em> \u2013 propagowanie stylu \u017cycia wolnego od narkotyk\u00f3w w \u015brodowisku dzieci i m\u0142odzie\u017cy na terenie wojew\u00f3dztwa kujawsko-pomorskiego<\/p>\r\n<\/td>\r\n<\/tr>\r\n<tr>\r\n<td>1999-2000<\/td>\r\n<td>\r\n<p style=\"text-align: left;\">Dzia\u0142ania w\u015br\u00f3d spo\u0142eczno\u015bci uczniowskiej V Liceum Og\u00f3lnokszta\u0142c\u0105cego maj\u0105ce na celu przekazanie wiedzy dot. profilaktyki HIV\/AIDS nagrodzone przez Wydzia\u0142 Zdrowia i Opieki Spo\u0142ecznej Urz\u0119du Miasta Torunia <br \/><br \/>Praca na rzecz programu, kt\u00f3rego g\u0142\u00f3wnym celem by\u0142a edukacja ludzi m\u0142odych z zakresu wiedzy dotycz\u0105cej HIV i AIDS realizowanego przez M\u0142odzie\u017cow\u0105 Rad\u0119 Miasta Torunia <br \/><br \/>Czynny udzia\u0142 w debacie m\u0142odzie\u017cowej nt. <em>\u201eM\u0142odzie\u017c wobec uzale\u017cnie\u0144\u201d<\/em> w ramach kampanii \u201ePa\u017adziernik 2000-miesi\u0105c wolny od uzale\u017cnie\u0144\u201d <br \/><br \/>Uczestnictwo w programie m\u0142odzie\u017cowym TV1 \u201eRower B\u0142a\u017ceja\u201d dotycz\u0105cego tematu agresji w\u015br\u00f3d m\u0142odzie\u017cy<\/p>\r\n<\/td>\r\n<\/tr>\r\n<\/tbody>\r\n<\/table>\r\n<\/figure>\r\n","protected":false},"excerpt":{"rendered":"<p>Certyfikowany psychoterapeuta i doradca systemowy WTTS Pozna\u0144 (certyfikat nr 47\/2012) certyfikowany psychoterapeuta terapii skoncentrowanej na emocjach (EFT) zgodnie ze standardami<\/p>\n","protected":false},"author":1,"featured_media":0,"parent":0,"menu_order":0,"comment_status":"closed","ping_status":"closed","template":"","meta":{"footnotes":""},"class_list":["post-75","page","type-page","status-publish","hentry"],"_links":{"self":[{"href":"https:\/\/dominikalecka.pl\/index.php?rest_route=\/wp\/v2\/pages\/75","targetHints":{"allow":["GET"]}}],"collection":[{"href":"https:\/\/dominikalecka.pl\/index.php?rest_route=\/wp\/v2\/pages"}],"about":[{"href":"https:\/\/dominikalecka.pl\/index.php?rest_route=\/wp\/v2\/types\/page"}],"author":[{"embeddable":true,"href":"https:\/\/dominikalecka.pl\/index.php?rest_route=\/wp\/v2\/users\/1"}],"replies":[{"embeddable":true,"href":"https:\/\/dominikalecka.pl\/index.php?rest_route=%2Fwp%2Fv2%2Fcomments&post=75"}],"version-history":[{"count":24,"href":"https:\/\/dominikalecka.pl\/index.php?rest_route=\/wp\/v2\/pages\/75\/revisions"}],"predecessor-version":[{"id":396,"href":"https:\/\/dominikalecka.pl\/index.php?rest_route=\/wp\/v2\/pages\/75\/revisions\/396"}],"wp:attachment":[{"href":"https:\/\/dominikalecka.pl\/index.php?rest_route=%2Fwp%2Fv2%2Fmedia&parent=75"}],"curies":[{"name":"wp","href":"https:\/\/api.w.org\/{rel}","templated":true}]}}